{"id":950,"date":"2024-07-29T16:06:54","date_gmt":"2024-07-29T14:06:54","guid":{"rendered":"https:\/\/cosmicklang.com\/?post_type=mec-events&#038;p=950"},"modified":"2024-07-30T11:00:10","modified_gmt":"2024-07-30T09:00:10","slug":"kosmische-atemreise","status":"publish","type":"mec-events","link":"https:\/\/cosmicklang.com\/index.php\/events\/kosmische-atemreise\/","title":{"rendered":"Kosmische Atemreise"},"content":{"rendered":"<p>Am Sonntag gehen wir mit euch auf eine tiefgehende Reise in euer Unterbewusstsein.<br \/>\n\u00dcber die Vibration des Klanges werden sich neue T\u00fcren f\u00fcr euch \u00f6ffnen.<br \/>\nSei es die Klangschale oder der gro\u00dfe Gong, du wirst das vibrieren in deinem ganzen K\u00f6rper sp\u00fcren. Lerne deinen K\u00f6rper und deinen Atem an diesem Nachmittag besser kennen bei Yoga und holotropen Atmen.<\/p>\n<p>Wir freuen uns auf euch,<\/p>\n<p>Richard und Johannes.<\/p>\n","protected":false},"excerpt":{"rendered":"<p>Am Sonntag gehen wir mit euch auf eine tiefgehende Reise in euer Unterbewusstsein. \u00dcber die Vibration des Klanges werden sich [&hellip;]<\/p>\n","protected":false},"author":2,"featured_media":761,"comment_status":"open","ping_status":"closed","template":"","meta":{"site-sidebar-layout":"default","site-content-layout":"","ast-site-content-layout":"default","site-content-style":"default","site-sidebar-style":"default","ast-global-header-display":"","ast-banner-title-visibility":"","ast-main-header-display":"","ast-hfb-above-header-display":"","ast-hfb-below-header-display":"","ast-hfb-mobile-header-display":"","site-post-title":"","ast-breadcrumbs-content":"","ast-featured-img":"","footer-sml-layout":"","theme-transparent-header-meta":"default","adv-header-id-meta":"","stick-header-meta":"default","header-above-stick-meta":"","header-main-stick-meta":"","header-below-stick-meta":"","astra-migrate-meta-layouts":"set","ast-page-background-enabled":"default","ast-page-background-meta":{"desktop":{"background-color":"var(--ast-global-color-4)","background-image":"","background-repeat":"repeat","background-position":"center center","background-size":"auto","background-attachment":"scroll","background-type":"","background-media":"","overlay-type":"","overlay-color":"","overlay-opacity":"","overlay-gradient":""},"tablet":{"background-color":"","background-image":"","background-repeat":"repeat","background-position":"center center","background-size":"auto","background-attachment":"scroll","background-type":"","background-media":"","overlay-type":"","overlay-color":"","overlay-opacity":"","overlay-gradient":""},"mobile":{"background-color":"","background-image":"","background-repeat":"repeat","background-position":"center center","background-size":"auto","background-attachment":"scroll","background-type":"","background-media":"","overlay-type":"","overlay-color":"","overlay-opacity":"","overlay-gradient":""}},"ast-content-background-meta":{"desktop":{"background-color":"var(--ast-global-color-5)","background-image":"","background-repeat":"repeat","background-position":"center center","background-size":"auto","background-attachment":"scroll","background-type":"","background-media":"","overlay-type":"","overlay-color":"","overlay-opacity":"","overlay-gradient":""},"tablet":{"background-color":"var(--ast-global-color-5)","background-image":"","background-repeat":"repeat","background-position":"center center","background-size":"auto","background-attachment":"scroll","background-type":"","background-media":"","overlay-type":"","overlay-color":"","overlay-opacity":"","overlay-gradient":""},"mobile":{"background-color":"var(--ast-global-color-5)","background-image":"","background-repeat":"repeat","background-position":"center center","background-size":"auto","background-attachment":"scroll","background-type":"","background-media":"","overlay-type":"","overlay-color":"","overlay-opacity":"","overlay-gradient":""}}},"tags":[],"mec_category":[39],"class_list":["post-950","mec-events","type-mec-events","status-publish","has-post-thumbnail","hentry","mec_category-kosmische-atemreise"],"yoast_head":"<!-- This site is optimized with the Yoast SEO plugin v22.9 - https:\/\/yoast.com\/wordpress\/plugins\/seo\/ -->\n<title>Kosmische Atemreise - Cosmic Klang - Klangtherapie<\/title>\n<meta name=\"description\" content=\"Am Sonntag gehen wir mit euch auf eine tiefgehende Reise in euer Unterbewusstsein. \u00dcber die Vibration des Klanges werden sich neue T\u00fcren f\u00fcr euch \u00f6ffnen. Sei es die Klangschale oder der gro\u00dfe Gong, du wirst das vibrieren in deinem ganzen K\u00f6rper sp\u00fcren. Lerne deinen K\u00f6rper und deinen Atem an diesem Nachmittag besser kennen bei Yoga und holotropen Atmen.\" \/>\n<meta name=\"robots\" content=\"index, follow, max-snippet:-1, max-image-preview:large, max-video-preview:-1\" \/>\n<link rel=\"canonical\" href=\"https:\/\/cosmicklang.com\/index.php\/events\/kosmische-atemreise\/\" \/>\n<meta property=\"og:locale\" content=\"de_DE\" \/>\n<meta property=\"og:type\" content=\"article\" \/>\n<meta property=\"og:title\" content=\"Kosmische Atemreise - Cosmic Klang - Klangtherapie\" \/>\n<meta property=\"og:description\" content=\"Am Sonntag gehen wir mit euch auf eine tiefgehende Reise in euer Unterbewusstsein. \u00dcber die Vibration des Klanges werden sich neue T\u00fcren f\u00fcr euch \u00f6ffnen. Sei es die Klangschale oder der gro\u00dfe Gong, du wirst das vibrieren in deinem ganzen K\u00f6rper sp\u00fcren. Lerne deinen K\u00f6rper und deinen Atem an diesem Nachmittag besser kennen bei Yoga und holotropen Atmen.\" \/>\n<meta property=\"og:url\" content=\"https:\/\/cosmicklang.com\/index.php\/events\/kosmische-atemreise\/\" \/>\n<meta property=\"og:site_name\" content=\"Cosmic Klang - Klangtherapie\" \/>\n<meta property=\"article:modified_time\" content=\"2024-07-30T09:00:10+00:00\" \/>\n<meta property=\"og:image\" content=\"https:\/\/cosmicklang.com\/wp-content\/uploads\/2024\/06\/WhatsApp-Image-2024-01-13-at-21.09.11-3.jpeg\" \/>\n\t<meta property=\"og:image:width\" content=\"1024\" \/>\n\t<meta property=\"og:image:height\" content=\"768\" \/>\n\t<meta property=\"og:image:type\" content=\"image\/jpeg\" \/>\n<meta name=\"twitter:card\" content=\"summary_large_image\" \/>\n<meta name=\"twitter:label1\" content=\"Gesch\u00e4tzte Lesezeit\" \/>\n\t<meta name=\"twitter:data1\" content=\"1\u00a0Minute\" \/>\n<script type=\"application\/ld+json\" class=\"yoast-schema-graph\">{\"@context\":\"https:\/\/schema.org\",\"@graph\":[{\"@type\":\"WebPage\",\"@id\":\"https:\/\/cosmicklang.com\/index.php\/events\/kosmische-atemreise\/\",\"url\":\"https:\/\/cosmicklang.com\/index.php\/events\/kosmische-atemreise\/\",\"name\":\"Kosmische Atemreise - Cosmic Klang - Klangtherapie\",\"isPartOf\":{\"@id\":\"https:\/\/cosmicklang.com\/#website\"},\"primaryImageOfPage\":{\"@id\":\"https:\/\/cosmicklang.com\/index.php\/events\/kosmische-atemreise\/#primaryimage\"},\"image\":{\"@id\":\"https:\/\/cosmicklang.com\/index.php\/events\/kosmische-atemreise\/#primaryimage\"},\"thumbnailUrl\":\"https:\/\/cosmicklang.com\/wp-content\/uploads\/2024\/06\/WhatsApp-Image-2024-01-13-at-21.09.11-3.jpeg\",\"datePublished\":\"2024-07-29T14:06:54+00:00\",\"dateModified\":\"2024-07-30T09:00:10+00:00\",\"description\":\"Am Sonntag gehen wir mit euch auf eine tiefgehende Reise in euer Unterbewusstsein. \u00dcber die Vibration des Klanges werden sich neue T\u00fcren f\u00fcr euch \u00f6ffnen. Sei es die Klangschale oder der gro\u00dfe Gong, du wirst das vibrieren in deinem ganzen K\u00f6rper sp\u00fcren. Lerne deinen K\u00f6rper und deinen Atem an diesem Nachmittag besser kennen bei Yoga und holotropen Atmen.\",\"breadcrumb\":{\"@id\":\"https:\/\/cosmicklang.com\/index.php\/events\/kosmische-atemreise\/#breadcrumb\"},\"inLanguage\":\"de\",\"potentialAction\":[{\"@type\":\"ReadAction\",\"target\":[\"https:\/\/cosmicklang.com\/index.php\/events\/kosmische-atemreise\/\"]}]},{\"@type\":\"ImageObject\",\"inLanguage\":\"de\",\"@id\":\"https:\/\/cosmicklang.com\/index.php\/events\/kosmische-atemreise\/#primaryimage\",\"url\":\"https:\/\/cosmicklang.com\/wp-content\/uploads\/2024\/06\/WhatsApp-Image-2024-01-13-at-21.09.11-3.jpeg\",\"contentUrl\":\"https:\/\/cosmicklang.com\/wp-content\/uploads\/2024\/06\/WhatsApp-Image-2024-01-13-at-21.09.11-3.jpeg\",\"width\":1024,\"height\":768,\"caption\":\"cosmicklang atemreise gongbad\"},{\"@type\":\"BreadcrumbList\",\"@id\":\"https:\/\/cosmicklang.com\/index.php\/events\/kosmische-atemreise\/#breadcrumb\",\"itemListElement\":[{\"@type\":\"ListItem\",\"position\":1,\"name\":\"Startseite\",\"item\":\"https:\/\/cosmicklang.com\/\"},{\"@type\":\"ListItem\",\"position\":2,\"name\":\"Veranstaltungen\",\"item\":\"https:\/\/cosmicklang.com\/index.php\/events\/\"},{\"@type\":\"ListItem\",\"position\":3,\"name\":\"Kosmische Atemreise\"}]},{\"@type\":\"WebSite\",\"@id\":\"https:\/\/cosmicklang.com\/#website\",\"url\":\"https:\/\/cosmicklang.com\/\",\"name\":\"Cosmic Klang\",\"description\":\"Klangtherapie in Vorarlberg\",\"publisher\":{\"@id\":\"https:\/\/cosmicklang.com\/#\/schema\/person\/e70c5cab649d4ed49d4f7f1253d6bbae\"},\"potentialAction\":[{\"@type\":\"SearchAction\",\"target\":{\"@type\":\"EntryPoint\",\"urlTemplate\":\"https:\/\/cosmicklang.com\/?s={search_term_string}\"},\"query-input\":\"required name=search_term_string\"}],\"inLanguage\":\"de\"},{\"@type\":[\"Person\",\"Organization\"],\"@id\":\"https:\/\/cosmicklang.com\/#\/schema\/person\/e70c5cab649d4ed49d4f7f1253d6bbae\",\"name\":\"cosmic_klang\",\"image\":{\"@type\":\"ImageObject\",\"inLanguage\":\"de\",\"@id\":\"https:\/\/cosmicklang.com\/#\/schema\/person\/image\/\",\"url\":\"https:\/\/cosmicklang.com\/wp-content\/uploads\/2024\/05\/Cosmic-Klang-Logo.png\",\"contentUrl\":\"https:\/\/cosmicklang.com\/wp-content\/uploads\/2024\/05\/Cosmic-Klang-Logo.png\",\"width\":1200,\"height\":201,\"caption\":\"cosmic_klang\"},\"logo\":{\"@id\":\"https:\/\/cosmicklang.com\/#\/schema\/person\/image\/\"},\"sameAs\":[\"https:\/\/www.instagram.com\/cosmic.klang_\/\"]}]}<\/script>\n<!-- \/ Yoast SEO plugin. -->","yoast_head_json":{"title":"Kosmische Atemreise - Cosmic Klang - Klangtherapie","description":"Am Sonntag gehen wir mit euch auf eine tiefgehende Reise in euer Unterbewusstsein. \u00dcber die Vibration des Klanges werden sich neue T\u00fcren f\u00fcr euch \u00f6ffnen. Sei es die Klangschale oder der gro\u00dfe Gong, du wirst das vibrieren in deinem ganzen K\u00f6rper sp\u00fcren. Lerne deinen K\u00f6rper und deinen Atem an diesem Nachmittag besser kennen bei Yoga und holotropen Atmen.","robots":{"index":"index","follow":"follow","max-snippet":"max-snippet:-1","max-image-preview":"max-image-preview:large","max-video-preview":"max-video-preview:-1"},"canonical":"https:\/\/cosmicklang.com\/index.php\/events\/kosmische-atemreise\/","og_locale":"de_DE","og_type":"article","og_title":"Kosmische Atemreise - Cosmic Klang - Klangtherapie","og_description":"Am Sonntag gehen wir mit euch auf eine tiefgehende Reise in euer Unterbewusstsein. \u00dcber die Vibration des Klanges werden sich neue T\u00fcren f\u00fcr euch \u00f6ffnen. Sei es die Klangschale oder der gro\u00dfe Gong, du wirst das vibrieren in deinem ganzen K\u00f6rper sp\u00fcren. Lerne deinen K\u00f6rper und deinen Atem an diesem Nachmittag besser kennen bei Yoga und holotropen Atmen.","og_url":"https:\/\/cosmicklang.com\/index.php\/events\/kosmische-atemreise\/","og_site_name":"Cosmic Klang - Klangtherapie","article_modified_time":"2024-07-30T09:00:10+00:00","og_image":[{"width":1024,"height":768,"url":"https:\/\/cosmicklang.com\/wp-content\/uploads\/2024\/06\/WhatsApp-Image-2024-01-13-at-21.09.11-3.jpeg","type":"image\/jpeg"}],"twitter_card":"summary_large_image","twitter_misc":{"Gesch\u00e4tzte Lesezeit":"1\u00a0Minute"},"schema":{"@context":"https:\/\/schema.org","@graph":[{"@type":"WebPage","@id":"https:\/\/cosmicklang.com\/index.php\/events\/kosmische-atemreise\/","url":"https:\/\/cosmicklang.com\/index.php\/events\/kosmische-atemreise\/","name":"Kosmische Atemreise - Cosmic Klang - Klangtherapie","isPartOf":{"@id":"https:\/\/cosmicklang.com\/#website"},"primaryImageOfPage":{"@id":"https:\/\/cosmicklang.com\/index.php\/events\/kosmische-atemreise\/#primaryimage"},"image":{"@id":"https:\/\/cosmicklang.com\/index.php\/events\/kosmische-atemreise\/#primaryimage"},"thumbnailUrl":"https:\/\/cosmicklang.com\/wp-content\/uploads\/2024\/06\/WhatsApp-Image-2024-01-13-at-21.09.11-3.jpeg","datePublished":"2024-07-29T14:06:54+00:00","dateModified":"2024-07-30T09:00:10+00:00","description":"Am Sonntag gehen wir mit euch auf eine tiefgehende Reise in euer Unterbewusstsein. \u00dcber die Vibration des Klanges werden sich neue T\u00fcren f\u00fcr euch \u00f6ffnen. Sei es die Klangschale oder der gro\u00dfe Gong, du wirst das vibrieren in deinem ganzen K\u00f6rper sp\u00fcren. Lerne deinen K\u00f6rper und deinen Atem an diesem Nachmittag besser kennen bei Yoga und holotropen Atmen.","breadcrumb":{"@id":"https:\/\/cosmicklang.com\/index.php\/events\/kosmische-atemreise\/#breadcrumb"},"inLanguage":"de","potentialAction":[{"@type":"ReadAction","target":["https:\/\/cosmicklang.com\/index.php\/events\/kosmische-atemreise\/"]}]},{"@type":"ImageObject","inLanguage":"de","@id":"https:\/\/cosmicklang.com\/index.php\/events\/kosmische-atemreise\/#primaryimage","url":"https:\/\/cosmicklang.com\/wp-content\/uploads\/2024\/06\/WhatsApp-Image-2024-01-13-at-21.09.11-3.jpeg","contentUrl":"https:\/\/cosmicklang.com\/wp-content\/uploads\/2024\/06\/WhatsApp-Image-2024-01-13-at-21.09.11-3.jpeg","width":1024,"height":768,"caption":"cosmicklang atemreise gongbad"},{"@type":"BreadcrumbList","@id":"https:\/\/cosmicklang.com\/index.php\/events\/kosmische-atemreise\/#breadcrumb","itemListElement":[{"@type":"ListItem","position":1,"name":"Startseite","item":"https:\/\/cosmicklang.com\/"},{"@type":"ListItem","position":2,"name":"Veranstaltungen","item":"https:\/\/cosmicklang.com\/index.php\/events\/"},{"@type":"ListItem","position":3,"name":"Kosmische Atemreise"}]},{"@type":"WebSite","@id":"https:\/\/cosmicklang.com\/#website","url":"https:\/\/cosmicklang.com\/","name":"Cosmic Klang","description":"Klangtherapie in Vorarlberg","publisher":{"@id":"https:\/\/cosmicklang.com\/#\/schema\/person\/e70c5cab649d4ed49d4f7f1253d6bbae"},"potentialAction":[{"@type":"SearchAction","target":{"@type":"EntryPoint","urlTemplate":"https:\/\/cosmicklang.com\/?s={search_term_string}"},"query-input":"required name=search_term_string"}],"inLanguage":"de"},{"@type":["Person","Organization"],"@id":"https:\/\/cosmicklang.com\/#\/schema\/person\/e70c5cab649d4ed49d4f7f1253d6bbae","name":"cosmic_klang","image":{"@type":"ImageObject","inLanguage":"de","@id":"https:\/\/cosmicklang.com\/#\/schema\/person\/image\/","url":"https:\/\/cosmicklang.com\/wp-content\/uploads\/2024\/05\/Cosmic-Klang-Logo.png","contentUrl":"https:\/\/cosmicklang.com\/wp-content\/uploads\/2024\/05\/Cosmic-Klang-Logo.png","width":1200,"height":201,"caption":"cosmic_klang"},"logo":{"@id":"https:\/\/cosmicklang.com\/#\/schema\/person\/image\/"},"sameAs":["https:\/\/www.instagram.com\/cosmic.klang_\/"]}]}},"_links":{"self":[{"href":"https:\/\/cosmicklang.com\/index.php\/wp-json\/wp\/v2\/mec-events\/950","targetHints":{"allow":["GET"]}}],"collection":[{"href":"https:\/\/cosmicklang.com\/index.php\/wp-json\/wp\/v2\/mec-events"}],"about":[{"href":"https:\/\/cosmicklang.com\/index.php\/wp-json\/wp\/v2\/types\/mec-events"}],"author":[{"embeddable":true,"href":"https:\/\/cosmicklang.com\/index.php\/wp-json\/wp\/v2\/users\/2"}],"replies":[{"embeddable":true,"href":"https:\/\/cosmicklang.com\/index.php\/wp-json\/wp\/v2\/comments?post=950"}],"wp:featuredmedia":[{"embeddable":true,"href":"https:\/\/cosmicklang.com\/index.php\/wp-json\/wp\/v2\/media\/761"}],"wp:attachment":[{"href":"https:\/\/cosmicklang.com\/index.php\/wp-json\/wp\/v2\/media?parent=950"}],"wp:term":[{"taxonomy":"post_tag","embeddable":true,"href":"https:\/\/cosmicklang.com\/index.php\/wp-json\/wp\/v2\/tags?post=950"},{"taxonomy":"mec_category","embeddable":true,"href":"https:\/\/cosmicklang.com\/index.php\/wp-json\/wp\/v2\/mec_category?post=950"}],"curies":[{"name":"wp","href":"https:\/\/api.w.org\/{rel}","templated":true}]}}